{"id":8823,"date":"2023-07-03T16:01:29","date_gmt":"2023-07-03T14:01:29","guid":{"rendered":"https:\/\/chateaudeau.toulouse.fr\/agenda\/%onct-event-type%\/raymond-depardon-david-burnett-september-in-chile1971-1973\/"},"modified":"2023-11-14T16:37:52","modified_gmt":"2023-11-14T15:37:52","slug":"raymond-depardon-david-burnett-september-in-chile1971-1973","status":"publish","type":"onct-event","link":"https:\/\/chateaudeau.toulouse.fr\/en\/agenda\/raymond-depardon-david-burnett-september-in-chile1971-1973\/","title":{"rendered":"Raymond Depardon &#8211; David Burnett \nSeptember in Chile,1971\/1973"},"content":{"rendered":"<section class=\"section-group\"><div class=\"container\"><div class=\"pure-g\">\n<div class=\"wp-block-group is-layout-constrained wp-block-group-is-layout-constrained\">\n<h2 class=\"wp-block-heading has-grey-dark-color has-text-color has-large-font-size\" id=\"des-photographies-a-l-origine-destinees-a-la-presse\">Photographs, <strong>originally intended for the press<\/strong><\/h2>\n<\/div>\n<\/div><\/div><\/section>\n\n<section class=\"section-group\"><div class=\"container\"><div class=\"pure-g\">\n<div class=\"wp-block-group is-layout-constrained wp-block-group-is-layout-constrained\">\n<div class=\"wp-block-columns is-style-border has-grey-light-background-color has-background is-layout-flex wp-container-core-columns-is-layout-9d6595d7 wp-block-columns-is-layout-flex\">\n<div class=\"wp-block-column is-layout-flow wp-block-column-is-layout-flow\">\n<p class=\"has-drop-cap\">On the afternoon of 11 September 1973, Chilean military aircraft bombed the Presidential Palace of La Moneda in Santiago and the army took over the seat of power. The socialist President Salvador Allende refused to surrender to the putschists and committed suicide after three years of a left-wing regime that had represented great hope in the country, among peasants and the working class for example, and throughout a continent accustomed to military coups and violence often manipulated by the United States. General Pinochet&#8217;s dictatorship was in place and lasted until 1990, accompanied by human rights abuses, 3,200 deaths and &#8220;disappearances&#8221;, and around 38,000 people tortured. Several thousand people, perhaps a million, went into exile.<\/p>\n\n\n\n<p>Two years earlier, in 1971, Raymond Depardon, a young reporter with the Gamma agency, of which he had been one of the founders a few years earlier, came to Chile to mark the first anniversary of the victory of the People&#8217;s Union. He was accompanied by his friend, the journalist Robert Pledge, who worked with Zoom magazine at the time. In addition to a meeting with President Allende, he focused mainly on the world of the peasants, in which he found echoes of his origins.<\/p>\n<\/div>\n\n\n\n<div class=\"wp-block-column is-style-nomargin is-layout-flow wp-block-column-is-layout-flow\">\n<p>In September 1973, David Burnett, a reporter for Gamma New York who had just signed a contract with Life magazine and who later joined the Contact Press Images agency when Robert Pledge set it up in New York in 1976, covered the aftermath of the coup d&#8217;\u00e9tat in difficult conditions. Arrests, detainees marching to the National Stadium &#8211; where they were tortured and executed &#8211; book burning, the huge cemetery where the victims are buried, the funeral of poet Pablo Neruda, who died twelve days after the coup &#8211; and who is increasingly thought to have been poisoned &#8211; he chronicled the beginnings of what was to become a bloody dictatorship.<\/p>\n\n\n\n<p class=\"has-text-align-left\">These photographs, which were originally intended for the press and the news industry alone, are now historical documents, and part of our memory. They also bear witness to the aesthetics of the journalistic image at a time when photography was dominant and decisive for the press. That&#8217;s also why we felt it necessary to present the different print runs, those that were distributed to newspapers in the past, and those that are now used for the exhibition and the book.<br>                                                                                                                               <\/p>\n\n\n<section class=\"section-group\"><div class=\"container\"><div class=\"pure-g\">\n<div class=\"wp-block-group is-layout-constrained wp-block-group-is-layout-constrained\">\n<p class=\"has-text-align-right\">Christian Caujolle, Artistic Advisor<\/p>\n<\/div>\n<\/div><\/div><\/section><\/div>\n<\/div>\n<\/div>\n<\/div><\/div><\/section>\n\n<section class=\"section-group\"><div class=\"container\"><div class=\"pure-g\">\n<div class=\"wp-block-group is-layout-constrained wp-block-group-is-layout-constrained\">\n<div class=\"wp-block-columns is-layout-flex wp-container-core-columns-is-layout-9d6595d7 wp-block-columns-is-layout-flex\">\n<div class=\"wp-block-column is-layout-flow wp-block-column-is-layout-flow\">\n<figure  role=\"group\"  aria-label=\"\u00a9Raymond Depardon _ Magnum Photos\"  class=\"wp-block-image size-full\"><img decoding=\"async\" src=\"https:\/\/chateaudeau.toulouse.fr\/wp-content\/uploads\/sites\/2\/2023\/08\/Site%C2%A9-Raymond-Depardon-_-Magnum-PhotosDER1971028W29067-17A.jpg\" alt=\"\" class=\"wp-image-8735\"><figcaption class=\"wp-element-caption\">\u00a9Raymond Depardon _ Magnum Photos\nDemonstration to support the UP organized by the powerful Central trade union of CUT workers Santiago, September 15, 1971<\/figcaption><\/figure>\n<\/div>\n\n\n\n<div class=\"wp-block-column is-layout-flow wp-block-column-is-layout-flow\">\n<figure  role=\"group\"  aria-label=\"Les sous-sols du stade national de Santago o\u00f9 ont lieu interrogatoires, tortures et ex\u00e9cutions.22 septembre 1973\r\u00a9 David Burnett (Contact Press Images)\"  class=\"wp-block-image size-full\"><img loading=\"lazy\" decoding=\"async\" width=\"500\" height=\"336\" src=\"https:\/\/chateaudeau.toulouse.fr\/wp-content\/uploads\/sites\/2\/2023\/08\/SiteBUR7309_Chile_A16-19A.jpg\" alt=\"\" class=\"wp-image-8739\" srcset=\"https:\/\/chateaudeau.toulouse.fr\/wp-content\/uploads\/sites\/2\/2023\/08\/SiteBUR7309_Chile_A16-19A.jpg 500w, https:\/\/chateaudeau.toulouse.fr\/wp-content\/uploads\/sites\/2\/2023\/08\/SiteBUR7309_Chile_A16-19A-300x202.jpg 300w, https:\/\/chateaudeau.toulouse.fr\/wp-content\/uploads\/sites\/2\/2023\/08\/SiteBUR7309_Chile_A16-19A-414x278.jpg 414w\" sizes=\"(max-width: 500px) 100vw, 500px\" \/><figcaption class=\"wp-element-caption\">The basement of Santago&#8217;s national stadium, where interrogations, torture and executions take place. September 22, 1973\n\u00a9 David Burnett (Contact Press Images)<\/figcaption><\/figure>\n<\/div>\n<\/div>\n<\/div>\n<\/div><\/div><\/section>\n\n<section class=\"section-group\"><div class=\"container\"><div class=\"pure-g\">\n<div class=\"wp-block-group is-layout-constrained wp-block-group-is-layout-constrained\">\n<h3 class=\"wp-block-heading is-style-default has-grey-dark-color has-text-color has-medium-font-size\" id=\"textes-de-luis-poirot-extraits-de-septembre-au-chili-1971-1973-atelier-exb\"><strong>Text of Luis Poirot, extract of &#8221; September in Chile &#8220;,1971\/1973 \u00bb, Atelier EXB<\/strong><\/h3>\n<\/div>\n<\/div><\/div><\/section>\n\n<section class=\"section-group\"><div class=\"container\"><div class=\"pure-g\">\n<div class=\"wp-block-group is-layout-constrained wp-block-group-is-layout-constrained\">\n<div class=\"wp-block-columns has-grey-dark-background-color has-background is-layout-flex wp-container-core-columns-is-layout-9d6595d7 wp-block-columns-is-layout-flex\">\n<div class=\"wp-block-column is-content-justification-left is-layout-constrained wp-container-core-column-is-layout-8c890d92 wp-block-column-is-layout-constrained\" style=\"flex-basis:50%\">\n<h5 class=\"wp-block-heading has-grey-medium-background-color has-background\" id=\"septembre-1971-raymond-depardon\">SEPTEMBER 1971, Raymond Depardon<\/h5>\n\n\n\n<p class=\"has-drop-cap has-white-color has-text-color\" style=\"font-size:15px\">Chile, where I was born in 1940, was for many years until 1970 a country where we who lived there used to say: &#8220;Nothing happens here&#8221;, looking towards Europe or the United States, impatient to see what was happening elsewhere. Our long territory resembled a place of exile from which we had to escape.<br>Suddenly, Allende arrived and changed everything: the rest of the world turned its attention to us. Intellectuals and journalists came to see and try to understand what this unique experience of socialism combined with freedom was all about. Those of us who lived here were no longer thinking of leaving.<br>It was at this time that Robert Pledge and a silent photographer with wide surprised eyes arrived. Like many visitors, the latter photographed the great social theatre of the streets of Santiago, occupied for the first time by workers and peasants in a great song of hope and joy. But there was something different about this photographer. He wanted to visit the remote territories of the south, the territories of the Mapuche Indians and landless peasants, ignored for decades by our centralising culture.<\/p>\n\n\n\n<p class=\"has-white-color has-text-color\" style=\"font-size:15px\">I discovered through his images a country I didn&#8217;t know when I was in exile in Paris after the coup d&#8217;\u00e9tat, and today I can establish a relationship between these photographs and those that Raymond Depardon took years later in France, in equally remote territories. These distant photographs from 1971 were the prologue to a vision that was now visiting the land of his ancestors, a culture ignored by city dwellers here and elsewhere, past and present. Like Paul Strand who, after years of travelling the world, told us that everything he was looking for was right on his doorstep. So when Raymond Depardon visited us in 1971, silent with wide surprised eyes, he was already looking for his inner world, the world that great photographers photograph.<\/p>\n<\/div>\n\n\n\n<div class=\"wp-block-column is-style-default is-content-justification-left is-layout-constrained wp-container-core-column-is-layout-8c890d92 wp-block-column-is-layout-constrained\" style=\"flex-basis:50%\">\n<h5 class=\"wp-block-heading has-grey-medium-background-color has-background\" id=\"septembre-1973-david-burnett\">SEPTEMBER 1973, David Burnett<\/h5>\n\n\n\n<p class=\"has-drop-cap is-style-default has-white-color has-text-color\" style=\"font-size:15px\">As soon as the coup d&#8217;\u00e9tat took place, the military tried to control all information, particularly photographic and cinematographic images. They systematically destroyed the archives of the major publishers and media that had recorded Chile&#8217;s social, political and cultural life since 1900, as well as the Chile Films press and documentaries, which were at the origin of a renaissance in national cinema. Only photographers approved by them, who had to wear an accreditation around their neck and an identification bracelet on their sleeve, were allowed to work in the street. To show oneself otherwise with a camera was to risk being reported to the patrols that roamed the city. The news was all word of mouth. I learned of the death of President Salvador Allende on the night of September 11, from an Argentinian radio station; the murder of singer Victor Jara almost a month later and the death of Pablo Neruda in a short paragraph published among other news items, with no details of his funeral.<br>The military wanted to write a history about Chile that would have begun with them on September 11, and stay silent about everything that had preceded them. They certainly imagined that foreign photographers like David Burnett would give an exemplary vision of the army. But David could only take up the legacy of Robert Capa who stood by the Republic during the Spanish Civil War, that of W. Eugene Smith with the unfortunate people of the world, and respect the memory of August Sander who stood by those persecuted by Nazism, and all the photographers who gave a voice to those whom the authorities wanted to silence.<br>David and his incorruptible memory have become our own: the systematic abuse of power and violence, the despair of relatives waiting for news at the gates of a stadium, the cemetery alleys filled with anonymous graves, and an act of resistance, perhaps the first, the funeral of poet Pablo Neruda surrounded by soldiers. Nevertheless, the participants sang the national anthem and the \u201cInternationale\u201d, and his friend, the poet Francisco Coloane, recited: &#8220;You are not dead, you are not dead, because flowers do not die in spring&#8221;. He photographed all this for us, for Chilean photographers, who could not be witnesses to our history.<\/p>\n<\/div>\n<\/div>\n<\/div>\n<\/div><\/div><\/section>\n\n<section class=\"section-group\"><div class=\"container\"><div class=\"pure-g\">\n<div class=\"wp-block-group is-layout-constrained wp-block-group-is-layout-constrained\">\n<div class=\"wp-block-columns is-layout-flex wp-container-core-columns-is-layout-9d6595d7 wp-block-columns-is-layout-flex\">\n<div class=\"wp-block-column is-layout-flow wp-block-column-is-layout-flow\">\n<figure  role=\"group\"  aria-label=\"Le pr\u00e9sident Allende, Chili 1971\"  class=\"wp-block-image size-full\"><img decoding=\"async\" src=\"https:\/\/chateaudeau.toulouse.fr\/wp-content\/uploads\/sites\/2\/2023\/08\/Site%C2%A9-Raymond-Depardon-_-Magnum-PhotosDER1971028W29075-17A18.jpg\" alt=\"\" class=\"wp-image-8737\"><figcaption class=\"wp-element-caption\">\u00a9 Raymond Depardon _ Magnum Photos. The Pr\u00e9sident Allende, Chile 1971<\/figcaption><\/figure>\n<\/div>\n\n\n\n<div class=\"wp-block-column is-layout-flow wp-block-column-is-layout-flow\">\n<figure  role=\"group\"  aria-label=\"A la suite du coup d&#039;Etat, des soldats br\u00fblent dans les rues les livres interdits par la junte, Santiago, 19 septembre 1973\r\u00a9 David Burnett (Contact Press Images)\"  class=\"wp-block-image size-full\"><img loading=\"lazy\" decoding=\"async\" width=\"500\" height=\"341\" src=\"https:\/\/chateaudeau.toulouse.fr\/wp-content\/uploads\/sites\/2\/2023\/08\/SiteBUR7309_ChileCoup_027.jpg\" alt=\"\" class=\"wp-image-8741\" srcset=\"https:\/\/chateaudeau.toulouse.fr\/wp-content\/uploads\/sites\/2\/2023\/08\/SiteBUR7309_ChileCoup_027.jpg 500w, https:\/\/chateaudeau.toulouse.fr\/wp-content\/uploads\/sites\/2\/2023\/08\/SiteBUR7309_ChileCoup_027-300x205.jpg 300w, https:\/\/chateaudeau.toulouse.fr\/wp-content\/uploads\/sites\/2\/2023\/08\/SiteBUR7309_ChileCoup_027-414x282.jpg 414w\" sizes=\"(max-width: 500px) 100vw, 500px\" \/><figcaption class=\"wp-element-caption\">\u00a9 David Burnett _ Contact Press Images. Following the coup d&#8217;\u00e9tat, soldiers burn books banned by the junta in the streets, Santiago, September 19, 1973\n\u00a9 David Burnett (Contact Press Images)<\/figcaption><\/figure>\n<\/div>\n<\/div>\n<\/div>\n<\/div><\/div><\/section>\n\n<section class=\"section-group\"><div class=\"container\"><div class=\"pure-g\">\n<div class=\"wp-block-group is-layout-constrained wp-block-group-is-layout-constrained\">\n\n<div class=\"accordion-title\" tabindex=\"-1\">\n    <button type=\"button\" class=\"accordion-titleButton\">\n        \n\n<h3 class=\"wp-block-heading has-grey-dark-color has-text-color\" id=\"biographies-des-photographes\">BIOGRAPHIES OF PHOTOGRAPHERS<\/h3>\n\n\n    <\/button>\n<\/div>\n\n\n\n<div class=\"accordion-content\">\n    \n\n<p><strong>Raymond Depardon<\/strong><\/p>\n\n\n\n<p>Raymond Depardon was born in Villefranche-sur-Sa\u00f4ne in 1942. He took his first photographs on the family farm in Le Garet. At the age of 17, he was a freelancer with Dalmas, a photojournalism agency that covered all areas of current affairs. In 1966, he co-founded the Gamma agency, and was soon joined by Gilles Caron. During a report in Prague in 1969, he made his first short film (Ian Palach) and the following year took his first trip to Chad with Caron and Robert Pledge. In 1971, he travelled with Salvador Allende to Chile, where they met Luis Poirot. An adept of &#8220;direct cinema&#8221;, he filmed Val\u00e9ry Giscard d&#8217;Estaing&#8217;s presidential campaign (1974, une partie de campagne), featuring David Burnett, who was covering the campaign for Time magazine. In 1978, he joined the Magnum agency, leading a life as a photographer and a career as a documentary filmmaker. La vie moderne, the third part of &#8220;Profils paysans&#8221;, was awarded the Prix Louis Delluc (Louis Delluc Prize) in 2008. His images have appeared in numerous books accompanied by exhibitions, most recently Son \u0153il dans ma main, Alg\u00e9rie 1961-2019 (Algeria 1961-2019), a cross-view with writer Kamel Daoud, presented in 2022 at the Institut du monde arabe (Arab World Institute) in Paris.<\/p>\n\n\n\n<hr class=\"wp-block-separator has-alpha-channel-opacity\">\n\n\n\n<p><strong>David Burnett<\/strong><\/p>\n\n\n\n<p>David Burnett was born in Salt Lake City in Utah, United States, in 1946. He has a degree in political science from Colorado College. From 1970 to 1972, he covered the Vietnam War on a freelance basis for Time and then Life magazine. He joined the Gamma agency in 1973, photographing the aftermath of the military coup in Chile and sharing with Raymond Depardon and Chas Gerretsen the Robert Capa Gold Medal awarded by the Overseas Press Club of America (OPC) for their book &#8220;Chile&#8221;. For 50 years, he produced reports in 80 countries, covering thirteen Summer Olympics since 1984. His images have been exhibited at the Arles, Perpignan and Pingyao festivals, and in museums, galleries and cultural institutions in Europe, Australia, Japan, China and the United States. Winner of numerous awards, including the Philippe Halsman Award for his \u201ccontribution to photojournalism\u201d, presented by the ASMP (American Society of Media Photographers) in 1986, and the Sprague Award for lifetime achievement, presented by the NPPA (American Press Photographers Association) in 2018. He co-founded the Contact Press Images agency in New York with Robert Pledge in 1976.<\/p>\n\n\n\n<hr class=\"wp-block-separator has-alpha-channel-opacity\">\n\n\n\n<p><strong>Leopoldo Victor Vargas<\/strong><\/p>\n\n\n\n<p>Leopoldo Victor Vargas, born in 1933 in Putaendo, province of San Felipe, Chile, died in 2011 He joined the newly created aerial photography section of the Chilean Air Force (Fuerza A\u00e9rea de Chile) at an early age, from which he graduated in 1954. He was a Non-Commissioned Officer and was the only permanent military photographer attached to the Presidential Palace at La Moneda from 1964 to 1973. He held this position during the terms of office of Presidents Jorge Alessandrini, Eduardo Frei and Salvador Allende, before resuming his work as an aerial photographer in the Air Force&#8217;s photogrammetry service in 1974, at his own request.<\/p>\n\n\n<\/div>\n\n\n<\/div>\n<\/div><\/div><\/section>\n\n<section class=\"section-group\"><div class=\"container\"><div class=\"pure-g\">\n<div class=\"wp-block-group is-layout-constrained wp-block-group-is-layout-constrained\">\n<section class=\"gutenberg-press\">\n    <div class=\"container\">\n        <div class=\"pure-g\">\n            <div class=\"pure-u-1 pure-u-md-9-24\">\n                <h2 class=\"title--default\">La presse en parle<\/h2>\n                <div class=\"gutenberg-press__description\"><p><br data-mce-bogus=\"1\"><\/p>\n<\/div>\n            <\/div>\n            <div class=\"pure-u-1 pure-u-md-1-24 show-md show-lg show-xl\"><\/div>\n            <div class=\"pure-u-1 pure-u-md-14-24\">\n                <ul class=\"gutenberg-press__list\">\n                                            <li class=\"gutenberg-press__item\" itemscope itemtype=\"https:\/\/schema.org\/NewsArticle\">\n                            <img loading=\"lazy\" decoding=\"async\" width=\"116\" height=\"40\" src=\"https:\/\/chateaudeau.toulouse.fr\/wp-content\/uploads\/sites\/2\/2023\/07\/arte.jpg\" class=\"gutenberg-press__item__thumb pure-img\" alt=\"Logo Arte\" itemprop=\"image\" \/>                            <p class=\"gutenberg-press__item__description\" itemprop=\"text\">Trois ans apr\u00e8s son accession au pouvoir \u00e0 la suite d\u2019\u00e9lections d\u00e9mocratiques, le pr\u00e9sident socialiste, Salvador Allende, est renvers\u00e9 par le g\u00e9n\u00e9ral Pinochet. Retour sur les photographies d\u2019un coup d&#8217;Etat qui jettera une onde de choc dans le monde entier.<\/p>\n                            <a class=\"gutenberg-press__item__link\" href=\"https:\/\/www.arte.tv\/fr\/videos\/116568-000-A\/exposition-le-putsh-de-pinochet-en-image\/\" target=\"_blank\"  rel=\"noreferrer noopener\">\n                                Read the publication                            <\/a>\n                        <\/li>\n                                            <li class=\"gutenberg-press__item\" itemscope itemtype=\"https:\/\/schema.org\/NewsArticle\">\n                            <img loading=\"lazy\" decoding=\"async\" width=\"300\" height=\"108\" src=\"https:\/\/chateaudeau.toulouse.fr\/wp-content\/uploads\/sites\/2\/2023\/09\/telechargement-300x108.png\" class=\"gutenberg-press__item__thumb pure-img\" alt=\"\" itemprop=\"image\" srcset=\"https:\/\/chateaudeau.toulouse.fr\/wp-content\/uploads\/sites\/2\/2023\/09\/telechargement-300x108.png 300w, https:\/\/chateaudeau.toulouse.fr\/wp-content\/uploads\/sites\/2\/2023\/09\/telechargement.png 375w\" sizes=\"(max-width: 300px) 100vw, 300px\" \/>                            <p class=\"gutenberg-press__item__description\" itemprop=\"text\">Allende, les paysans en lutte, le coup d&#8217;\u00e9tat : Le Chili en 1971-1973 \u00e0 travers l&#8217;objectif de Depardon et Burnett<\/p>\n                            <a class=\"gutenberg-press__item__link\" href=\"https:\/\/france3-regions.francetvinfo.fr\/occitanie\/haute-garonne\/toulouse\/video-allende-les-paysans-en-lutte-le-coup-d-etat-le-chili-en-1971-1973-a-travers-l-objectif-de-depardon-et-burnett-2839034.html?utm_term=Autofeed&#038;utm_medium=Social&#038;utm_source=Twitter#Echobox=1694626026\" target=\"_blank\"  rel=\"noreferrer noopener\">\n                                Read the publication                            <\/a>\n                        <\/li>\n                                            <li class=\"gutenberg-press__item\" itemscope itemtype=\"https:\/\/schema.org\/NewsArticle\">\n                            <img loading=\"lazy\" decoding=\"async\" width=\"300\" height=\"114\" src=\"https:\/\/chateaudeau.toulouse.fr\/wp-content\/uploads\/sites\/2\/2023\/09\/logo-L_Oeil_de_la_Photographie-FR-e1516069946204-300x114.jpg\" class=\"gutenberg-press__item__thumb pure-img\" alt=\"\" itemprop=\"image\" srcset=\"https:\/\/chateaudeau.toulouse.fr\/wp-content\/uploads\/sites\/2\/2023\/09\/logo-L_Oeil_de_la_Photographie-FR-e1516069946204-300x114.jpg 300w, https:\/\/chateaudeau.toulouse.fr\/wp-content\/uploads\/sites\/2\/2023\/09\/logo-L_Oeil_de_la_Photographie-FR-e1516069946204-1024x389.jpg 1024w, https:\/\/chateaudeau.toulouse.fr\/wp-content\/uploads\/sites\/2\/2023\/09\/logo-L_Oeil_de_la_Photographie-FR-e1516069946204-768x292.jpg 768w, https:\/\/chateaudeau.toulouse.fr\/wp-content\/uploads\/sites\/2\/2023\/09\/logo-L_Oeil_de_la_Photographie-FR-e1516069946204-1536x584.jpg 1536w, https:\/\/chateaudeau.toulouse.fr\/wp-content\/uploads\/sites\/2\/2023\/09\/logo-L_Oeil_de_la_Photographie-FR-e1516069946204-414x157.jpg 414w, https:\/\/chateaudeau.toulouse.fr\/wp-content\/uploads\/sites\/2\/2023\/09\/logo-L_Oeil_de_la_Photographie-FR-e1516069946204.jpg 1920w\" sizes=\"(max-width: 300px) 100vw, 300px\" \/>                            <p class=\"gutenberg-press__item__description\" itemprop=\"text\">A l\u2019occasion du cinquantenaire du coup d\u2019\u00e9tat du G\u00e9n\u00e9ral Pinochet contre le gouvernement populaire d\u2019Allende, la galerie Le Ch\u00e2teau d\u2019Eau de Toulouse r\u00e9unit les deux reportages r\u00e9alis\u00e9s par Raymond Depardon et David Burnett, au Chili \u00e0 3 ans d\u2019intervalle.<\/p>\n                            <a class=\"gutenberg-press__item__link\" href=\"https:\/\/loeildelaphotographie.com\/fr\/le-chateau-deau-raymond-depardon-david-burnett-septembre-au-chili-1971-1973\/?utm_source=Liste+ODLP+nouvelle+version&#038;utm_campaign=1476bcee24-Edition+du+28+septembre+2023&#038;utm_medium=email&#038;utm_term=0_-1476bcee24-%5BLIST_EMAIL_ID%5D&#038;ct=t%28Newsletter+FR+09282023%29\" target=\"_blank\"  rel=\"noreferrer noopener\">\n                                Read the publication                            <\/a>\n                        <\/li>\n                                            <li class=\"gutenberg-press__item\" itemscope itemtype=\"https:\/\/schema.org\/NewsArticle\">\n                            <img loading=\"lazy\" decoding=\"async\" width=\"300\" height=\"109\" src=\"https:\/\/chateaudeau.toulouse.fr\/wp-content\/uploads\/sites\/2\/2023\/09\/Liberation-logo-840D36FF09-seeklogo.com_.png\" class=\"gutenberg-press__item__thumb pure-img\" alt=\"\" itemprop=\"image\" \/>                            <p class=\"gutenberg-press__item__description\" itemprop=\"text\">Dans l&#8217;\u0153il de Lib\u00e9<br \/>\r\nEN IMAGES &#8211; \u00abSeptembre au Chili 1971-1973\u00bb, par Depardon et Burnett<\/p>\n                            <a class=\"gutenberg-press__item__link\" href=\"https:\/\/www.liberation.fr\/culture\/photographie\/en-images-septembre-au-chili-1971-1973-par-depardon-et-burnett-20230913_3JLKZ5C6QZHVXOM5AM6LH4C33M\/\" target=\"_blank\"  rel=\"noreferrer noopener\">\n                                Read the publication                            <\/a>\n                        <\/li>\n                                            <li class=\"gutenberg-press__item\" itemscope itemtype=\"https:\/\/schema.org\/NewsArticle\">\n                            <img loading=\"lazy\" decoding=\"async\" width=\"300\" height=\"43\" src=\"https:\/\/chateaudeau.toulouse.fr\/wp-content\/uploads\/sites\/2\/2023\/09\/Le-temps-300x43.png\" class=\"gutenberg-press__item__thumb pure-img\" alt=\"\" itemprop=\"image\" srcset=\"https:\/\/chateaudeau.toulouse.fr\/wp-content\/uploads\/sites\/2\/2023\/09\/Le-temps-300x43.png 300w, https:\/\/chateaudeau.toulouse.fr\/wp-content\/uploads\/sites\/2\/2023\/09\/Le-temps-414x60.png 414w, https:\/\/chateaudeau.toulouse.fr\/wp-content\/uploads\/sites\/2\/2023\/09\/Le-temps.png 590w\" sizes=\"(max-width: 300px) 100vw, 300px\" \/>                            <p class=\"gutenberg-press__item__description\" itemprop=\"text\">David Burnett: \u00ab Je n\u2019oublierai jamais les cris des gens battus dans le Stade national de Santiago \u00bb<\/p>\n                            <a class=\"gutenberg-press__item__link\" href=\"https:\/\/www.letemps.ch\/monde\/david-burnett-je-n-oublierai-jamais-les-cris-des-gens-battus-dans-le-stade-national-de-santiago\" target=\"_blank\"  rel=\"noreferrer noopener\">\n                                Read the publication                            <\/a>\n                        <\/li>\n                                    <\/ul>\n            <\/div>\n        <\/div>\n    <\/div>\n<\/section>\n<\/div>\n<\/div><\/div><\/section>","protected":false},"template":"","meta":{"_acf_changed":false,"onct-event-uid":0,"onct-event-desc":"<p>It was on the first anniversary of the election of President Salvador Allende in 1971 that Raymond Depardon discovered Chile, accompanied by his friend Robert Pledge, the editorial secretary of Zoom magazine.<br>In 1973, the American David Burnett covered General Pinochet's coup d'\u00e9tat, which plunged the country into a bloody military dictatorship. From the seizure of the Moneda Palace to Neruda's funeral, his images, along with those of Depardon, made up a collective report, which won the Robert Capa Gold Medal in New York, the highest distinction in photojournalism.<\/p>\n","onct-event-short-desc":"","onct-event-img":"","onct-event-img-credits":"\u00a9Raymond Depardon (Magnum photos) and \u00a9David Burnett (Contact Press Images)","onct-event-day":0,"onct-event-month":0,"onct-event-year":0,"onct-event-hour":0,"onct-event-minute":0,"onct-event-timestamp":0,"onct-event-end-timestamp":0,"onct-event-duration":0,"onct-event-age-min":0,"onct-event-age-max":0,"onct-event-registration-link":"","onct-event-free-entrance":false,"onct-event-one-day":false,"onct-event-past":false},"onct-event-type":[21],"onct-event-public":[19],"onct-event-lieu":[152],"onct-event-mot-cle":[],"onct-event-accessibilite":[],"class_list":["post-8823","onct-event","type-onct-event","status-publish","hentry","onct-event-type-exposition","onct-event-public-tout-public-2","onct-event-lieu-ch-teau-d-eau783"],"acf":[],"yoast_head":"<!-- This site is optimized with the Yoast SEO plugin v27.0 - https:\/\/yoast.com\/product\/yoast-seo-wordpress\/ -->\n<title>Raymond Depardon - David Burnett September in Chile,1971\/1973 - Le Ch\u00e2teau d&#039;Eau<\/title>\n<meta name=\"description\" content=\"Exhibition of Raymond Depardon and David Burnett to mark the 50th anniversary of the coup d&#039;\u00e9tat against the People&#039;s Government in Chile on Sept. 11. 2023 to January 7, 2024.\" \/>\n<meta name=\"robots\" content=\"index, follow, max-snippet:-1, max-image-preview:large, max-video-preview:-1\" \/>\n<link rel=\"canonical\" href=\"https:\/\/chateaudeau.toulouse.fr\/en\/agenda\/raymond-depardon-david-burnett-september-in-chile1971-1973\/\" \/>\n<meta property=\"og:locale\" content=\"en_US\" \/>\n<meta property=\"og:type\" content=\"article\" \/>\n<meta property=\"og:title\" content=\"Raymond Depardon - David Burnett September in Chile,1971\/1973 - Le Ch\u00e2teau d&#039;Eau\" \/>\n<meta property=\"og:description\" content=\"Exhibition of Raymond Depardon and David Burnett to mark the 50th anniversary of the coup d&#039;\u00e9tat against the People&#039;s Government in Chile on Sept. 11. 2023 to January 7, 2024.\" \/>\n<meta property=\"og:url\" content=\"https:\/\/chateaudeau.toulouse.fr\/en\/agenda\/raymond-depardon-david-burnett-september-in-chile1971-1973\/\" \/>\n<meta property=\"og:site_name\" content=\"Le Ch\u00e2teau d&#039;Eau\" \/>\n<meta property=\"article:publisher\" content=\"https:\/\/www.facebook.com\/galerielechateaudeau\" \/>\n<meta property=\"article:modified_time\" content=\"2023-11-14T15:37:52+00:00\" \/>\n<meta property=\"og:image\" content=\"https:\/\/chateaudeau.toulouse.fr\/wp-content\/uploads\/sites\/2\/2023\/08\/Site%C2%A9-Raymond-Depardon-_-Magnum-PhotosDER1971028W29067-17A.jpg\" \/>\n<meta name=\"twitter:card\" content=\"summary_large_image\" \/>\n<meta name=\"twitter:label1\" content=\"Est. reading time\" \/>\n\t<meta name=\"twitter:data1\" content=\"8 minutes\" \/>\n<script type=\"application\/ld+json\" class=\"yoast-schema-graph\">{\"@context\":\"https:\/\/schema.org\",\"@graph\":[{\"@type\":\"WebPage\",\"@id\":\"https:\/\/chateaudeau.toulouse.fr\/en\/agenda\/raymond-depardon-david-burnett-september-in-chile1971-1973\/\",\"url\":\"https:\/\/chateaudeau.toulouse.fr\/en\/agenda\/raymond-depardon-david-burnett-september-in-chile1971-1973\/\",\"name\":\"Raymond Depardon - David Burnett September in Chile,1971\/1973 - Le Ch\u00e2teau d&#039;Eau\",\"isPartOf\":{\"@id\":\"https:\/\/chateaudeau.toulouse.fr\/en\/#website\"},\"primaryImageOfPage\":{\"@id\":\"https:\/\/chateaudeau.toulouse.fr\/en\/agenda\/raymond-depardon-david-burnett-september-in-chile1971-1973\/#primaryimage\"},\"image\":{\"@id\":\"https:\/\/chateaudeau.toulouse.fr\/en\/agenda\/raymond-depardon-david-burnett-september-in-chile1971-1973\/#primaryimage\"},\"thumbnailUrl\":\"https:\/\/chateaudeau.toulouse.fr\/wp-content\/uploads\/sites\/2\/2023\/08\/Site%C2%A9-Raymond-Depardon-_-Magnum-PhotosDER1971028W29067-17A.jpg\",\"datePublished\":\"2023-07-03T14:01:29+00:00\",\"dateModified\":\"2023-11-14T15:37:52+00:00\",\"description\":\"Exhibition of Raymond Depardon and David Burnett to mark the 50th anniversary of the coup d'\u00e9tat against the People's Government in Chile on Sept. 11. 2023 to January 7, 2024.\",\"breadcrumb\":{\"@id\":\"https:\/\/chateaudeau.toulouse.fr\/en\/agenda\/raymond-depardon-david-burnett-september-in-chile1971-1973\/#breadcrumb\"},\"inLanguage\":\"en-US\",\"potentialAction\":[{\"@type\":\"ReadAction\",\"target\":[\"https:\/\/chateaudeau.toulouse.fr\/en\/agenda\/raymond-depardon-david-burnett-september-in-chile1971-1973\/\"]}]},{\"@type\":\"ImageObject\",\"inLanguage\":\"en-US\",\"@id\":\"https:\/\/chateaudeau.toulouse.fr\/en\/agenda\/raymond-depardon-david-burnett-september-in-chile1971-1973\/#primaryimage\",\"url\":\"https:\/\/chateaudeau.toulouse.fr\/wp-content\/uploads\/sites\/2\/2023\/08\/Site%C2%A9-Raymond-Depardon-_-Magnum-PhotosDER1971028W29067-17A.jpg\",\"contentUrl\":\"https:\/\/chateaudeau.toulouse.fr\/wp-content\/uploads\/sites\/2\/2023\/08\/Site%C2%A9-Raymond-Depardon-_-Magnum-PhotosDER1971028W29067-17A.jpg\"},{\"@type\":\"BreadcrumbList\",\"@id\":\"https:\/\/chateaudeau.toulouse.fr\/en\/agenda\/raymond-depardon-david-burnett-september-in-chile1971-1973\/#breadcrumb\",\"itemListElement\":[{\"@type\":\"ListItem\",\"position\":1,\"name\":\"Accueil\",\"item\":\"https:\/\/chateaudeau.toulouse.fr\/en\/\"},{\"@type\":\"ListItem\",\"position\":2,\"name\":\"Agenda\",\"item\":\"https:\/\/chateaudeau.toulouse.fr\/en\/agenda\/\"},{\"@type\":\"ListItem\",\"position\":3,\"name\":\"Exposition\",\"item\":\"https:\/\/chateaudeau.toulouse.fr\/en\/agenda\/type\/exposition-en\/\"},{\"@type\":\"ListItem\",\"position\":4,\"name\":\"Raymond Depardon &#8211; David Burnett September in Chile,1971\/1973\"}]},{\"@type\":\"WebSite\",\"@id\":\"https:\/\/chateaudeau.toulouse.fr\/en\/#website\",\"url\":\"https:\/\/chateaudeau.toulouse.fr\/en\/\",\"name\":\"Le Ch\u00e2teau d&#039;Eau\",\"description\":\"\",\"publisher\":{\"@id\":\"https:\/\/chateaudeau.toulouse.fr\/en\/#organization\"},\"potentialAction\":[{\"@type\":\"SearchAction\",\"target\":{\"@type\":\"EntryPoint\",\"urlTemplate\":\"https:\/\/chateaudeau.toulouse.fr\/en\/search\/{search_term_string}\"},\"query-input\":{\"@type\":\"PropertyValueSpecification\",\"valueRequired\":true,\"valueName\":\"search_term_string\"}}],\"inLanguage\":\"en-US\"},{\"@type\":\"Organization\",\"@id\":\"https:\/\/chateaudeau.toulouse.fr\/en\/#organization\",\"name\":\"Galerie Le Ch\u00e2teau d'Eau\",\"url\":\"https:\/\/chateaudeau.toulouse.fr\/en\/\",\"logo\":{\"@type\":\"ImageObject\",\"inLanguage\":\"en-US\",\"@id\":\"https:\/\/chateaudeau.toulouse.fr\/en\/#\/schema\/logo\/image\/\",\"url\":\"https:\/\/chateaudeau.toulouse.fr\/wp-content\/uploads\/sites\/2\/2025\/08\/cropped-cropped-LeChateaudEauV2-300x53-1.png\",\"contentUrl\":\"https:\/\/chateaudeau.toulouse.fr\/wp-content\/uploads\/sites\/2\/2025\/08\/cropped-cropped-LeChateaudEauV2-300x53-1.png\",\"width\":300,\"height\":53,\"caption\":\"Galerie Le Ch\u00e2teau d'Eau\"},\"image\":{\"@id\":\"https:\/\/chateaudeau.toulouse.fr\/en\/#\/schema\/logo\/image\/\"},\"sameAs\":[\"https:\/\/www.facebook.com\/galerielechateaudeau\",\"https:\/\/www.instagram.com\/galerielechateaudeau\/?hl=fr\",\"https:\/\/www.youtube.com\/user\/Toulousefr\"]}]}<\/script>\n<!-- \/ Yoast SEO plugin. -->","yoast_head_json":{"title":"Raymond Depardon - David Burnett September in Chile,1971\/1973 - Le Ch\u00e2teau d&#039;Eau","description":"Exhibition of Raymond Depardon and David Burnett to mark the 50th anniversary of the coup d'\u00e9tat against the People's Government in Chile on Sept. 11. 2023 to January 7, 2024.","robots":{"index":"index","follow":"follow","max-snippet":"max-snippet:-1","max-image-preview":"max-image-preview:large","max-video-preview":"max-video-preview:-1"},"canonical":"https:\/\/chateaudeau.toulouse.fr\/en\/agenda\/raymond-depardon-david-burnett-september-in-chile1971-1973\/","og_locale":"en_US","og_type":"article","og_title":"Raymond Depardon - David Burnett September in Chile,1971\/1973 - Le Ch\u00e2teau d&#039;Eau","og_description":"Exhibition of Raymond Depardon and David Burnett to mark the 50th anniversary of the coup d'\u00e9tat against the People's Government in Chile on Sept. 11. 2023 to January 7, 2024.","og_url":"https:\/\/chateaudeau.toulouse.fr\/en\/agenda\/raymond-depardon-david-burnett-september-in-chile1971-1973\/","og_site_name":"Le Ch\u00e2teau d&#039;Eau","article_publisher":"https:\/\/www.facebook.com\/galerielechateaudeau","article_modified_time":"2023-11-14T15:37:52+00:00","og_image":[{"url":"https:\/\/chateaudeau.toulouse.fr\/wp-content\/uploads\/sites\/2\/2023\/08\/Site%C2%A9-Raymond-Depardon-_-Magnum-PhotosDER1971028W29067-17A.jpg","type":"","width":"","height":""}],"twitter_card":"summary_large_image","twitter_misc":{"Est. reading time":"8 minutes"},"schema":{"@context":"https:\/\/schema.org","@graph":[{"@type":"WebPage","@id":"https:\/\/chateaudeau.toulouse.fr\/en\/agenda\/raymond-depardon-david-burnett-september-in-chile1971-1973\/","url":"https:\/\/chateaudeau.toulouse.fr\/en\/agenda\/raymond-depardon-david-burnett-september-in-chile1971-1973\/","name":"Raymond Depardon - David Burnett September in Chile,1971\/1973 - Le Ch\u00e2teau d&#039;Eau","isPartOf":{"@id":"https:\/\/chateaudeau.toulouse.fr\/en\/#website"},"primaryImageOfPage":{"@id":"https:\/\/chateaudeau.toulouse.fr\/en\/agenda\/raymond-depardon-david-burnett-september-in-chile1971-1973\/#primaryimage"},"image":{"@id":"https:\/\/chateaudeau.toulouse.fr\/en\/agenda\/raymond-depardon-david-burnett-september-in-chile1971-1973\/#primaryimage"},"thumbnailUrl":"https:\/\/chateaudeau.toulouse.fr\/wp-content\/uploads\/sites\/2\/2023\/08\/Site%C2%A9-Raymond-Depardon-_-Magnum-PhotosDER1971028W29067-17A.jpg","datePublished":"2023-07-03T14:01:29+00:00","dateModified":"2023-11-14T15:37:52+00:00","description":"Exhibition of Raymond Depardon and David Burnett to mark the 50th anniversary of the coup d'\u00e9tat against the People's Government in Chile on Sept. 11. 2023 to January 7, 2024.","breadcrumb":{"@id":"https:\/\/chateaudeau.toulouse.fr\/en\/agenda\/raymond-depardon-david-burnett-september-in-chile1971-1973\/#breadcrumb"},"inLanguage":"en-US","potentialAction":[{"@type":"ReadAction","target":["https:\/\/chateaudeau.toulouse.fr\/en\/agenda\/raymond-depardon-david-burnett-september-in-chile1971-1973\/"]}]},{"@type":"ImageObject","inLanguage":"en-US","@id":"https:\/\/chateaudeau.toulouse.fr\/en\/agenda\/raymond-depardon-david-burnett-september-in-chile1971-1973\/#primaryimage","url":"https:\/\/chateaudeau.toulouse.fr\/wp-content\/uploads\/sites\/2\/2023\/08\/Site%C2%A9-Raymond-Depardon-_-Magnum-PhotosDER1971028W29067-17A.jpg","contentUrl":"https:\/\/chateaudeau.toulouse.fr\/wp-content\/uploads\/sites\/2\/2023\/08\/Site%C2%A9-Raymond-Depardon-_-Magnum-PhotosDER1971028W29067-17A.jpg"},{"@type":"BreadcrumbList","@id":"https:\/\/chateaudeau.toulouse.fr\/en\/agenda\/raymond-depardon-david-burnett-september-in-chile1971-1973\/#breadcrumb","itemListElement":[{"@type":"ListItem","position":1,"name":"Accueil","item":"https:\/\/chateaudeau.toulouse.fr\/en\/"},{"@type":"ListItem","position":2,"name":"Agenda","item":"https:\/\/chateaudeau.toulouse.fr\/en\/agenda\/"},{"@type":"ListItem","position":3,"name":"Exposition","item":"https:\/\/chateaudeau.toulouse.fr\/en\/agenda\/type\/exposition-en\/"},{"@type":"ListItem","position":4,"name":"Raymond Depardon &#8211; David Burnett September in Chile,1971\/1973"}]},{"@type":"WebSite","@id":"https:\/\/chateaudeau.toulouse.fr\/en\/#website","url":"https:\/\/chateaudeau.toulouse.fr\/en\/","name":"Le Ch\u00e2teau d&#039;Eau","description":"","publisher":{"@id":"https:\/\/chateaudeau.toulouse.fr\/en\/#organization"},"potentialAction":[{"@type":"SearchAction","target":{"@type":"EntryPoint","urlTemplate":"https:\/\/chateaudeau.toulouse.fr\/en\/search\/{search_term_string}"},"query-input":{"@type":"PropertyValueSpecification","valueRequired":true,"valueName":"search_term_string"}}],"inLanguage":"en-US"},{"@type":"Organization","@id":"https:\/\/chateaudeau.toulouse.fr\/en\/#organization","name":"Galerie Le Ch\u00e2teau d'Eau","url":"https:\/\/chateaudeau.toulouse.fr\/en\/","logo":{"@type":"ImageObject","inLanguage":"en-US","@id":"https:\/\/chateaudeau.toulouse.fr\/en\/#\/schema\/logo\/image\/","url":"https:\/\/chateaudeau.toulouse.fr\/wp-content\/uploads\/sites\/2\/2025\/08\/cropped-cropped-LeChateaudEauV2-300x53-1.png","contentUrl":"https:\/\/chateaudeau.toulouse.fr\/wp-content\/uploads\/sites\/2\/2025\/08\/cropped-cropped-LeChateaudEauV2-300x53-1.png","width":300,"height":53,"caption":"Galerie Le Ch\u00e2teau d'Eau"},"image":{"@id":"https:\/\/chateaudeau.toulouse.fr\/en\/#\/schema\/logo\/image\/"},"sameAs":["https:\/\/www.facebook.com\/galerielechateaudeau","https:\/\/www.instagram.com\/galerielechateaudeau\/?hl=fr","https:\/\/www.youtube.com\/user\/Toulousefr"]}]}},"_links":{"self":[{"href":"https:\/\/chateaudeau.toulouse.fr\/en\/wp-json\/wp\/v2\/onct-events\/8823","targetHints":{"allow":["GET"]}}],"collection":[{"href":"https:\/\/chateaudeau.toulouse.fr\/en\/wp-json\/wp\/v2\/onct-events"}],"about":[{"href":"https:\/\/chateaudeau.toulouse.fr\/en\/wp-json\/wp\/v2\/types\/onct-event"}],"wp:attachment":[{"href":"https:\/\/chateaudeau.toulouse.fr\/en\/wp-json\/wp\/v2\/media?parent=8823"}],"wp:term":[{"taxonomy":"onct-event-type","embeddable":true,"href":"https:\/\/chateaudeau.toulouse.fr\/en\/wp-json\/wp\/v2\/onct-event-type?post=8823"},{"taxonomy":"onct-event-public","embeddable":true,"href":"https:\/\/chateaudeau.toulouse.fr\/en\/wp-json\/wp\/v2\/onct-event-public?post=8823"},{"taxonomy":"onct-event-lieu","embeddable":true,"href":"https:\/\/chateaudeau.toulouse.fr\/en\/wp-json\/wp\/v2\/onct-event-lieu?post=8823"},{"taxonomy":"onct-event-mot-cle","embeddable":true,"href":"https:\/\/chateaudeau.toulouse.fr\/en\/wp-json\/wp\/v2\/onct-event-mot-cle?post=8823"},{"taxonomy":"onct-event-accessibilite","embeddable":true,"href":"https:\/\/chateaudeau.toulouse.fr\/en\/wp-json\/wp\/v2\/onct-event-accessibilite?post=8823"}],"curies":[{"name":"wp","href":"https:\/\/api.w.org\/{rel}","templated":true}]}}